{"id":1841,"date":"2022-03-22T10:59:35","date_gmt":"2022-03-22T09:59:35","guid":{"rendered":"https:\/\/reartvallee.fr\/calendriers\/"},"modified":"2022-04-06T08:24:45","modified_gmt":"2022-04-06T07:24:45","slug":"los-calendarios","status":"publish","type":"page","link":"https:\/\/reartvallee.fr\/es\/la-empresa\/los-calendarios\/","title":{"rendered":"Los Calendarios"},"content":{"rendered":"<h2 style=\"text-align: center;\">Las frutas<\/h2>\n<h3 style=\"text-align: center;\">Nuestros principales productos<\/h3>\n<p style=\"text-align: center;\"><strong>Melocotones y nectarinas<\/strong>, <strong>producto estrella<\/strong>: un sinf\u00edn de variedades, <strong>albaricoques<\/strong>: un producto en pleno desarollo<\/p>\n<p>&nbsp;<\/p>\n<div style=\"margin: auto; text-align: center;\"><img loading=\"lazy\" decoding=\"async\" class=\"wp-image-1373\" src=\"\/wp-content\/uploads\/2022\/03\/peches_01.jpeg\" alt=\"\" width=\"329\" height=\"220\" \/><img loading=\"lazy\" decoding=\"async\" class=\" wp-image-1372\" src=\"\/wp-content\/uploads\/2022\/03\/peches_02.jpeg\" alt=\"\" width=\"329\" height=\"220\" \/><img loading=\"lazy\" decoding=\"async\" class=\" wp-image-1371\" src=\"\/wp-content\/uploads\/2022\/03\/1.jpeg\" alt=\"\" width=\"304\" height=\"220\" srcset=\"https:\/\/reartvallee.fr\/wp-content\/uploads\/2022\/03\/1.jpeg 426w, https:\/\/reartvallee.fr\/wp-content\/uploads\/2022\/03\/1-300x217.jpeg 300w\" sizes=\"(max-width: 304px) 100vw, 304px\" \/><\/div>\n<p>&nbsp;<\/p>\n<h3 style=\"text-align: center;\">Nuestros productos secundarios<\/h3>\n<p style=\"text-align: center;\"><strong>Cerezas<\/strong>: el producto faro del verano, <strong>uvas<\/strong>: un n\u00e9ctar en su mesa, <strong>manzanas<\/strong>: para una vida sana<\/p>\n<p>&nbsp;<\/p>\n<div style=\"margin: auto; text-align: center;\"><img loading=\"lazy\" decoding=\"async\" class=\"wp-image-1370\" src=\"\/wp-content\/uploads\/2022\/03\/Capture-dcran-2017-05-23-07.55.21.png\" alt=\"\" width=\"327\" height=\"220\" \/><img loading=\"lazy\" decoding=\"async\" class=\"wp-image-1369\" src=\"\/wp-content\/uploads\/2022\/03\/raisins_01.jpeg\" alt=\"\" width=\"329\" height=\"220\" \/><img loading=\"lazy\" decoding=\"async\" class=\"wp-image-1368\" src=\"\/wp-content\/uploads\/2022\/03\/IMG_9787-scaled.jpeg\" alt=\"\" width=\"330\" height=\"220\" \/><\/div>\n<p>&nbsp;<\/p>\n<h3 style=\"text-align: center;\">Las hortalizas<\/h3>\n<p style=\"text-align: center;\">Ensaladas de octubre a mayo, apios de noviembre a mayo, alcachofas de marzo a mayo<\/p>\n<p>&nbsp;<\/p>\n<div style=\"margin: auto; text-align: center;\">\n<p><img loading=\"lazy\" decoding=\"async\" class=\"wp-image-1367\" src=\"\/wp-content\/uploads\/2022\/03\/DSCN1456.jpeg\" alt=\"\" width=\"294\" height=\"220\" \/> <img loading=\"lazy\" decoding=\"async\" class=\"wp-image-1366\" src=\"\/wp-content\/uploads\/2022\/03\/DSCN1477.jpeg\" alt=\"\" width=\"294\" height=\"220\" \/><\/p>\n<\/div>\n","protected":false},"excerpt":{"rendered":"<p>Las frutas Nuestros principales productos Melocotones y nectarinas, producto estrella: un sinf\u00edn de variedades, albaricoques: un producto en pleno desarollo &nbsp; &nbsp; Nuestros productos secundarios Cerezas: el producto faro del verano, uvas: un n\u00e9ctar en su mesa, manzanas: para una vida sana &nbsp; &nbsp; Las hortalizas Ensaladas de octubre a mayo, apios de noviembre a [&hellip;]<\/p>\n","protected":false},"author":1,"featured_media":1791,"parent":1839,"menu_order":0,"comment_status":"closed","ping_status":"closed","template":"","meta":{"_acf_changed":false,"_et_pb_use_builder":"","_et_pb_old_content":"","_et_gb_content_width":"","footnotes":""},"class_list":["post-1841","page","type-page","status-publish","has-post-thumbnail","hentry"],"acf":[],"yoast_head":"<!-- This site is optimized with the Yoast SEO plugin v27.4 - https:\/\/yoast.com\/product\/yoast-seo-wordpress\/ -->\n<title>Los Calendarios - R\u00e9art Vall\u00e9e<\/title>\n<meta name=\"robots\" content=\"index, follow, max-snippet:-1, max-image-preview:large, max-video-preview:-1\" \/>\n<link rel=\"canonical\" href=\"https:\/\/reartvallee.fr\/es\/la-empresa\/los-calendarios\/\" \/>\n<meta property=\"og:locale\" content=\"es_ES\" \/>\n<meta property=\"og:type\" content=\"article\" \/>\n<meta property=\"og:title\" content=\"Los Calendarios - R\u00e9art Vall\u00e9e\" \/>\n<meta property=\"og:description\" content=\"Las frutas Nuestros principales productos Melocotones y nectarinas, producto estrella: un sinf\u00edn de variedades, albaricoques: un producto en pleno desarollo &nbsp; &nbsp; Nuestros productos secundarios Cerezas: el producto faro del verano, uvas: un n\u00e9ctar en su mesa, manzanas: para una vida sana &nbsp; &nbsp; Las hortalizas Ensaladas de octubre a mayo, apios de noviembre a [&hellip;]\" \/>\n<meta property=\"og:site_name\" content=\"R\u00e9art Vall\u00e9e\" \/>\n<meta property=\"article:publisher\" content=\"https:\/\/www.facebook.com\/Reart-Valle-229072180914152\/\" \/>\n<meta property=\"article:modified_time\" content=\"2022-04-06T07:24:45+00:00\" \/>\n<meta property=\"og:image\" content=\"https:\/\/reartvallee.fr\/wp-content\/uploads\/2022\/03\/banniere_calendriers.jpeg\" \/>\n\t<meta property=\"og:image:width\" content=\"1200\" \/>\n\t<meta property=\"og:image:height\" content=\"467\" \/>\n\t<meta property=\"og:image:type\" content=\"image\/jpeg\" \/>\n<meta name=\"twitter:card\" content=\"summary_large_image\" \/>\n<meta name=\"twitter:site\" content=\"@Reart_Vallee\" \/>\n<script type=\"application\/ld+json\" class=\"yoast-schema-graph\">{\"@context\":\"https:\\\/\\\/schema.org\",\"@graph\":[{\"@type\":\"WebPage\",\"@id\":\"https:\\\/\\\/reartvallee.fr\\\/es\\\/la-empresa\\\/los-calendarios\\\/\",\"url\":\"https:\\\/\\\/reartvallee.fr\\\/es\\\/la-empresa\\\/los-calendarios\\\/\",\"name\":\"Los Calendarios - R\u00e9art Vall\u00e9e\",\"isPartOf\":{\"@id\":\"https:\\\/\\\/reartvallee.fr\\\/es\\\/#website\"},\"primaryImageOfPage\":{\"@id\":\"https:\\\/\\\/reartvallee.fr\\\/es\\\/la-empresa\\\/los-calendarios\\\/#primaryimage\"},\"image\":{\"@id\":\"https:\\\/\\\/reartvallee.fr\\\/es\\\/la-empresa\\\/los-calendarios\\\/#primaryimage\"},\"thumbnailUrl\":\"https:\\\/\\\/reartvallee.fr\\\/wp-content\\\/uploads\\\/2022\\\/03\\\/banniere_calendriers.jpeg\",\"datePublished\":\"2022-03-22T09:59:35+00:00\",\"dateModified\":\"2022-04-06T07:24:45+00:00\",\"breadcrumb\":{\"@id\":\"https:\\\/\\\/reartvallee.fr\\\/es\\\/la-empresa\\\/los-calendarios\\\/#breadcrumb\"},\"inLanguage\":\"es\",\"potentialAction\":[{\"@type\":\"ReadAction\",\"target\":[\"https:\\\/\\\/reartvallee.fr\\\/es\\\/la-empresa\\\/los-calendarios\\\/\"]}]},{\"@type\":\"ImageObject\",\"inLanguage\":\"es\",\"@id\":\"https:\\\/\\\/reartvallee.fr\\\/es\\\/la-empresa\\\/los-calendarios\\\/#primaryimage\",\"url\":\"https:\\\/\\\/reartvallee.fr\\\/wp-content\\\/uploads\\\/2022\\\/03\\\/banniere_calendriers.jpeg\",\"contentUrl\":\"https:\\\/\\\/reartvallee.fr\\\/wp-content\\\/uploads\\\/2022\\\/03\\\/banniere_calendriers.jpeg\",\"width\":1200,\"height\":467},{\"@type\":\"BreadcrumbList\",\"@id\":\"https:\\\/\\\/reartvallee.fr\\\/es\\\/la-empresa\\\/los-calendarios\\\/#breadcrumb\",\"itemListElement\":[{\"@type\":\"ListItem\",\"position\":1,\"name\":\"Accueil\",\"item\":\"https:\\\/\\\/reartvallee.fr\\\/es\\\/accueil\\\/\"},{\"@type\":\"ListItem\",\"position\":2,\"name\":\"Los Calendarios\"}]},{\"@type\":\"WebSite\",\"@id\":\"https:\\\/\\\/reartvallee.fr\\\/es\\\/#website\",\"url\":\"https:\\\/\\\/reartvallee.fr\\\/es\\\/\",\"name\":\"R\u00e9art Vall\u00e9e\",\"description\":\"Au coeur du Roussillon, entre mer M\u00e9diterran\u00e9e et Pyr\u00e9n\u00e9es, notre exploitation familiale est sp\u00e9cialis\u00e9e dans la culture des fruits d&#039;\u00e9t\u00e9 (p\u00eaches, nectarines, abricots, cerises, raisins de table, pommes pr\u00e9coces).\",\"publisher\":{\"@id\":\"https:\\\/\\\/reartvallee.fr\\\/es\\\/#organization\"},\"potentialAction\":[{\"@type\":\"SearchAction\",\"target\":{\"@type\":\"EntryPoint\",\"urlTemplate\":\"https:\\\/\\\/reartvallee.fr\\\/es\\\/?s={search_term_string}\"},\"query-input\":{\"@type\":\"PropertyValueSpecification\",\"valueRequired\":true,\"valueName\":\"search_term_string\"}}],\"inLanguage\":\"es\"},{\"@type\":\"Organization\",\"@id\":\"https:\\\/\\\/reartvallee.fr\\\/es\\\/#organization\",\"name\":\"R\u00e9art Vall\u00e9e\",\"url\":\"https:\\\/\\\/reartvallee.fr\\\/es\\\/\",\"logo\":{\"@type\":\"ImageObject\",\"inLanguage\":\"es\",\"@id\":\"https:\\\/\\\/reartvallee.fr\\\/es\\\/#\\\/schema\\\/logo\\\/image\\\/\",\"url\":\"https:\\\/\\\/reartvallee.fr\\\/wp-content\\\/uploads\\\/2022\\\/03\\\/logo.png\",\"contentUrl\":\"https:\\\/\\\/reartvallee.fr\\\/wp-content\\\/uploads\\\/2022\\\/03\\\/logo.png\",\"width\":308,\"height\":74,\"caption\":\"R\u00e9art Vall\u00e9e\"},\"image\":{\"@id\":\"https:\\\/\\\/reartvallee.fr\\\/es\\\/#\\\/schema\\\/logo\\\/image\\\/\"},\"sameAs\":[\"https:\\\/\\\/www.facebook.com\\\/Reart-Valle-229072180914152\\\/\",\"https:\\\/\\\/x.com\\\/Reart_Vallee\",\"https:\\\/\\\/www.linkedin.com\\\/company\\\/reartvallee\"]}]}<\/script>\n<!-- \/ Yoast SEO plugin. -->","yoast_head_json":{"title":"Los Calendarios - R\u00e9art Vall\u00e9e","robots":{"index":"index","follow":"follow","max-snippet":"max-snippet:-1","max-image-preview":"max-image-preview:large","max-video-preview":"max-video-preview:-1"},"canonical":"https:\/\/reartvallee.fr\/es\/la-empresa\/los-calendarios\/","og_locale":"es_ES","og_type":"article","og_title":"Los Calendarios - R\u00e9art Vall\u00e9e","og_description":"Las frutas Nuestros principales productos Melocotones y nectarinas, producto estrella: un sinf\u00edn de variedades, albaricoques: un producto en pleno desarollo &nbsp; &nbsp; Nuestros productos secundarios Cerezas: el producto faro del verano, uvas: un n\u00e9ctar en su mesa, manzanas: para una vida sana &nbsp; &nbsp; Las hortalizas Ensaladas de octubre a mayo, apios de noviembre a [&hellip;]","og_site_name":"R\u00e9art Vall\u00e9e","article_publisher":"https:\/\/www.facebook.com\/Reart-Valle-229072180914152\/","article_modified_time":"2022-04-06T07:24:45+00:00","og_image":[{"width":1200,"height":467,"url":"https:\/\/reartvallee.fr\/wp-content\/uploads\/2022\/03\/banniere_calendriers.jpeg","type":"image\/jpeg"}],"twitter_card":"summary_large_image","twitter_site":"@Reart_Vallee","schema":{"@context":"https:\/\/schema.org","@graph":[{"@type":"WebPage","@id":"https:\/\/reartvallee.fr\/es\/la-empresa\/los-calendarios\/","url":"https:\/\/reartvallee.fr\/es\/la-empresa\/los-calendarios\/","name":"Los Calendarios - R\u00e9art Vall\u00e9e","isPartOf":{"@id":"https:\/\/reartvallee.fr\/es\/#website"},"primaryImageOfPage":{"@id":"https:\/\/reartvallee.fr\/es\/la-empresa\/los-calendarios\/#primaryimage"},"image":{"@id":"https:\/\/reartvallee.fr\/es\/la-empresa\/los-calendarios\/#primaryimage"},"thumbnailUrl":"https:\/\/reartvallee.fr\/wp-content\/uploads\/2022\/03\/banniere_calendriers.jpeg","datePublished":"2022-03-22T09:59:35+00:00","dateModified":"2022-04-06T07:24:45+00:00","breadcrumb":{"@id":"https:\/\/reartvallee.fr\/es\/la-empresa\/los-calendarios\/#breadcrumb"},"inLanguage":"es","potentialAction":[{"@type":"ReadAction","target":["https:\/\/reartvallee.fr\/es\/la-empresa\/los-calendarios\/"]}]},{"@type":"ImageObject","inLanguage":"es","@id":"https:\/\/reartvallee.fr\/es\/la-empresa\/los-calendarios\/#primaryimage","url":"https:\/\/reartvallee.fr\/wp-content\/uploads\/2022\/03\/banniere_calendriers.jpeg","contentUrl":"https:\/\/reartvallee.fr\/wp-content\/uploads\/2022\/03\/banniere_calendriers.jpeg","width":1200,"height":467},{"@type":"BreadcrumbList","@id":"https:\/\/reartvallee.fr\/es\/la-empresa\/los-calendarios\/#breadcrumb","itemListElement":[{"@type":"ListItem","position":1,"name":"Accueil","item":"https:\/\/reartvallee.fr\/es\/accueil\/"},{"@type":"ListItem","position":2,"name":"Los Calendarios"}]},{"@type":"WebSite","@id":"https:\/\/reartvallee.fr\/es\/#website","url":"https:\/\/reartvallee.fr\/es\/","name":"R\u00e9art Vall\u00e9e","description":"Au coeur du Roussillon, entre mer M\u00e9diterran\u00e9e et Pyr\u00e9n\u00e9es, notre exploitation familiale est sp\u00e9cialis\u00e9e dans la culture des fruits d&#039;\u00e9t\u00e9 (p\u00eaches, nectarines, abricots, cerises, raisins de table, pommes pr\u00e9coces).","publisher":{"@id":"https:\/\/reartvallee.fr\/es\/#organization"},"potentialAction":[{"@type":"SearchAction","target":{"@type":"EntryPoint","urlTemplate":"https:\/\/reartvallee.fr\/es\/?s={search_term_string}"},"query-input":{"@type":"PropertyValueSpecification","valueRequired":true,"valueName":"search_term_string"}}],"inLanguage":"es"},{"@type":"Organization","@id":"https:\/\/reartvallee.fr\/es\/#organization","name":"R\u00e9art Vall\u00e9e","url":"https:\/\/reartvallee.fr\/es\/","logo":{"@type":"ImageObject","inLanguage":"es","@id":"https:\/\/reartvallee.fr\/es\/#\/schema\/logo\/image\/","url":"https:\/\/reartvallee.fr\/wp-content\/uploads\/2022\/03\/logo.png","contentUrl":"https:\/\/reartvallee.fr\/wp-content\/uploads\/2022\/03\/logo.png","width":308,"height":74,"caption":"R\u00e9art Vall\u00e9e"},"image":{"@id":"https:\/\/reartvallee.fr\/es\/#\/schema\/logo\/image\/"},"sameAs":["https:\/\/www.facebook.com\/Reart-Valle-229072180914152\/","https:\/\/x.com\/Reart_Vallee","https:\/\/www.linkedin.com\/company\/reartvallee"]}]}},"_links":{"self":[{"href":"https:\/\/reartvallee.fr\/es\/wp-json\/wp\/v2\/pages\/1841","targetHints":{"allow":["GET"]}}],"collection":[{"href":"https:\/\/reartvallee.fr\/es\/wp-json\/wp\/v2\/pages"}],"about":[{"href":"https:\/\/reartvallee.fr\/es\/wp-json\/wp\/v2\/types\/page"}],"author":[{"embeddable":true,"href":"https:\/\/reartvallee.fr\/es\/wp-json\/wp\/v2\/users\/1"}],"replies":[{"embeddable":true,"href":"https:\/\/reartvallee.fr\/es\/wp-json\/wp\/v2\/comments?post=1841"}],"version-history":[{"count":0,"href":"https:\/\/reartvallee.fr\/es\/wp-json\/wp\/v2\/pages\/1841\/revisions"}],"up":[{"embeddable":true,"href":"https:\/\/reartvallee.fr\/es\/wp-json\/wp\/v2\/pages\/1839"}],"wp:featuredmedia":[{"embeddable":true,"href":"https:\/\/reartvallee.fr\/es\/wp-json\/wp\/v2\/media\/1791"}],"wp:attachment":[{"href":"https:\/\/reartvallee.fr\/es\/wp-json\/wp\/v2\/media?parent=1841"}],"curies":[{"name":"wp","href":"https:\/\/api.w.org\/{rel}","templated":true}]}}